{"id":4749,"date":"2023-11-27T17:30:48","date_gmt":"2023-11-27T17:30:48","guid":{"rendered":"https:\/\/payetvacances.com\/alquiler-turistico\/"},"modified":"2026-02-05T15:35:57","modified_gmt":"2026-02-05T15:35:57","slug":"alquiler-turistico","status":"publish","type":"page","link":"https:\/\/payetvacances.com\/es\/alquiler-turistico\/","title":{"rendered":"ALQUILER TUR\u00cdSTICO"},"content":{"rendered":"\t\t<div data-elementor-type=\"wp-page\" data-elementor-id=\"4749\" class=\"elementor elementor-4749 elementor-92\" data-elementor-post-type=\"page\">\n\t\t\t\t\t\t<section class=\"elementor-section elementor-top-section elementor-element elementor-element-ac45f60 elementor-section-full_width elementor-section-height-default elementor-section-height-default\" data-id=\"ac45f60\" data-element_type=\"section\" data-e-type=\"section\">\n\t\t\t\t\t\t<div class=\"elementor-container elementor-column-gap-no\">\n\t\t\t\t\t<div class=\"elementor-column elementor-col-50 elementor-top-column elementor-element elementor-element-7ea1bae\" data-id=\"7ea1bae\" data-element_type=\"column\" data-e-type=\"column\" data-settings=\"{&quot;background_background&quot;:&quot;classic&quot;}\">\n\t\t\t<div class=\"elementor-widget-wrap elementor-element-populated\">\n\t\t\t\t\t\t<div class=\"elementor-element elementor-element-84317fe elementor-widget elementor-widget-spacer\" data-id=\"84317fe\" data-element_type=\"widget\" data-e-type=\"widget\" data-widget_type=\"spacer.default\">\n\t\t\t\t<div class=\"elementor-widget-container\">\n\t\t\t\t\t\t\t<div class=\"elementor-spacer\">\n\t\t\t<div class=\"elementor-spacer-inner\"><\/div>\n\t\t<\/div>\n\t\t\t\t\t\t<\/div>\n\t\t\t\t<\/div>\n\t\t\t\t\t<\/div>\n\t\t<\/div>\n\t\t\t\t<div class=\"elementor-column elementor-col-50 elementor-top-column elementor-element elementor-element-3c6aeae\" data-id=\"3c6aeae\" data-element_type=\"column\" data-e-type=\"column\" data-settings=\"{&quot;background_background&quot;:&quot;classic&quot;}\">\n\t\t\t<div class=\"elementor-widget-wrap elementor-element-populated\">\n\t\t\t\t\t\t<div class=\"elementor-element elementor-element-c9d1de9 elementor-widget elementor-widget-image\" data-id=\"c9d1de9\" data-element_type=\"widget\" data-e-type=\"widget\" data-widget_type=\"image.default\">\n\t\t\t\t<div class=\"elementor-widget-container\">\n\t\t\t\t\t\t\t\t\t\t\t\t\t\t\t<img loading=\"lazy\" decoding=\"async\" width=\"500\" height=\"320\" src=\"https:\/\/payetvacances.com\/wp-content\/uploads\/2022\/08\/icona.png\" class=\"attachment-large size-large wp-image-614\" alt=\"\" srcset=\"https:\/\/payetvacances.com\/wp-content\/uploads\/2022\/08\/icona.png 500w, https:\/\/payetvacances.com\/wp-content\/uploads\/2022\/08\/icona-300x192.png 300w\" sizes=\"(max-width: 500px) 100vw, 500px\" \/>\t\t\t\t\t\t\t\t\t\t\t\t\t\t\t<\/div>\n\t\t\t\t<\/div>\n\t\t\t\t<div class=\"elementor-element elementor-element-4161464 elementor-widget elementor-widget-heading\" data-id=\"4161464\" data-element_type=\"widget\" data-e-type=\"widget\" data-widget_type=\"heading.default\">\n\t\t\t\t<div class=\"elementor-widget-container\">\n\t\t\t\t\t<h1 class=\"elementor-heading-title elementor-size-default\">Alquiler de apartamentos en Estartit y la Costa Brava<\/h1>\t\t\t\t<\/div>\n\t\t\t\t<\/div>\n\t\t\t\t<div class=\"elementor-element elementor-element-e92f6a5 elementor-widget__width-initial elementor-widget elementor-widget-text-editor\" data-id=\"e92f6a5\" data-element_type=\"widget\" data-e-type=\"widget\" data-widget_type=\"text-editor.default\">\n\t\t\t\t<div class=\"elementor-widget-container\">\n\t\t\t\t\t\t\t\t\tAPARTAMENTOS Y CASAS<br>DE ALQUILER EN LA<br>COSTA BRAVA<br>ESTARTIT Y TORROELLA\t\t\t\t\t\t\t\t<\/div>\n\t\t\t\t<\/div>\n\t\t\t\t<div class=\"elementor-element elementor-element-580ecb3 elementor-widget elementor-widget-spacer\" data-id=\"580ecb3\" data-element_type=\"widget\" data-e-type=\"widget\" data-widget_type=\"spacer.default\">\n\t\t\t\t<div class=\"elementor-widget-container\">\n\t\t\t\t\t\t\t<div class=\"elementor-spacer\">\n\t\t\t<div class=\"elementor-spacer-inner\"><\/div>\n\t\t<\/div>\n\t\t\t\t\t\t<\/div>\n\t\t\t\t<\/div>\n\t\t\t\t\t<\/div>\n\t\t<\/div>\n\t\t\t\t\t<\/div>\n\t\t<\/section>\n\t\t\t\t<section class=\"elementor-section elementor-top-section elementor-element elementor-element-a0b18d2 elementor-section-full_width elementor-section-height-default elementor-section-height-default\" data-id=\"a0b18d2\" data-element_type=\"section\" data-e-type=\"section\" data-settings=\"{&quot;background_background&quot;:&quot;classic&quot;}\">\n\t\t\t\t\t\t<div class=\"elementor-container elementor-column-gap-no\">\n\t\t\t\t\t<div class=\"elementor-column elementor-col-100 elementor-top-column elementor-element elementor-element-befbb29\" data-id=\"befbb29\" data-element_type=\"column\" data-e-type=\"column\">\n\t\t\t<div class=\"elementor-widget-wrap elementor-element-populated\">\n\t\t\t\t\t\t<div class=\"elementor-element elementor-element-7189d42 elementor-widget elementor-widget-heading\" data-id=\"7189d42\" data-element_type=\"widget\" data-e-type=\"widget\" data-widget_type=\"heading.default\">\n\t\t\t\t<div class=\"elementor-widget-container\">\n\t\t\t\t\t<h2 class=\"elementor-heading-title elementor-size-default\">Alquiler de apartamentos y casas de alquiler tur\u00edsitco en Estartit y en Torroella de Montgr\u00ed<\/h2>\t\t\t\t<\/div>\n\t\t\t\t<\/div>\n\t\t\t\t<div class=\"elementor-element elementor-element-85db622 elementor-widget elementor-widget-text-editor\" data-id=\"85db622\" data-element_type=\"widget\" data-e-type=\"widget\" data-widget_type=\"text-editor.default\">\n\t\t\t\t<div class=\"elementor-widget-container\">\n\t\t\t\t\t\t\t\t\t<p>PROPIEDADES DE ALQUILER TUR\u00cdSTICO<\/p>\n\t\t\t\t\t\t\t\t<\/div>\n\t\t\t\t<\/div>\n\t\t\t\t<div class=\"elementor-element elementor-element-2c4ac7a elementor-widget elementor-widget-toolset-view\" data-id=\"2c4ac7a\" data-element_type=\"widget\" data-e-type=\"widget\" data-widget_type=\"toolset-view.default\">\n\t\t\t\t<div class=\"elementor-widget-container\">\n\t\t\t\t\t<form autocomplete=\"off\" name=\"wpv-filter-729\" action=\"\/es\/wp-json\/wp\/v2\/pages\/4749?wpv_view_count=729\" method=\"get\" class=\"wpv-filter-form js-wpv-filter-form js-wpv-filter-form-729 js-wpv-form-full\" data-viewnumber=\"729\" data-viewid=\"729\" data-viewhash=\"eyJpZCI6NzI5LCJvcmRlciI6ImFzYyIsIm9yZGVyYnlfc2Vjb25kIjoiZGVmYXVsdCIsIm9yZGVyX3NlY29uZCI6ImRlZmF1bHQifQ==\" data-viewwidgetid=\"0\" data-orderby=\"\" data-order=\"\" data-orderbyas=\"\" data-orderbysecond=\"\" data-ordersecond=\"\" data-parametric=\"{&quot;query&quot;:&quot;normal&quot;,&quot;id&quot;:729,&quot;view_id&quot;:729,&quot;widget_id&quot;:0,&quot;view_hash&quot;:&quot;729&quot;,&quot;action&quot;:&quot;\\\/es\\\/wp-json\\\/wp\\\/v2\\\/pages\\\/4749?wpv_view_count=729&quot;,&quot;sort&quot;:{&quot;orderby&quot;:&quot;&quot;,&quot;order&quot;:&quot;&quot;,&quot;orderby_as&quot;:&quot;&quot;,&quot;orderby_second&quot;:&quot;&quot;,&quot;order_second&quot;:&quot;&quot;},&quot;orderby&quot;:&quot;&quot;,&quot;order&quot;:&quot;&quot;,&quot;orderby_as&quot;:&quot;&quot;,&quot;orderby_second&quot;:&quot;&quot;,&quot;order_second&quot;:&quot;&quot;,&quot;ajax_form&quot;:&quot;&quot;,&quot;ajax_results&quot;:&quot;&quot;,&quot;effect&quot;:&quot;fade&quot;,&quot;prebefore&quot;:&quot;&quot;,&quot;before&quot;:&quot;&quot;,&quot;after&quot;:&quot;&quot;,&quot;attributes&quot;:{&quot;id&quot;:729,&quot;order&quot;:&quot;asc&quot;,&quot;orderby_second&quot;:&quot;default&quot;,&quot;order_second&quot;:&quot;default&quot;},&quot;environment&quot;:{&quot;current_post_id&quot;:4749,&quot;parent_post_id&quot;:4749,&quot;parent_term_id&quot;:0,&quot;parent_user_id&quot;:0,&quot;archive&quot;:{&quot;type&quot;:&quot;&quot;,&quot;name&quot;:&quot;&quot;,&quot;data&quot;:[]}},&quot;loop&quot;:{&quot;type&quot;:&quot;&quot;,&quot;name&quot;:&quot;&quot;,&quot;data&quot;:[],&quot;id&quot;:0}}\" data-attributes=\"{&quot;id&quot;:729,&quot;order&quot;:&quot;asc&quot;,&quot;orderby_second&quot;:&quot;default&quot;,&quot;order_second&quot;:&quot;default&quot;}\" data-environment=\"{&quot;current_post_id&quot;:4749,&quot;parent_post_id&quot;:4749,&quot;parent_term_id&quot;:0,&quot;parent_user_id&quot;:0,&quot;archive&quot;:{&quot;type&quot;:&quot;&quot;,&quot;name&quot;:&quot;&quot;,&quot;data&quot;:[]}}\"><input type=\"hidden\" class=\"js-wpv-dps-filter-data js-wpv-filter-data-for-this-form\" data-action=\"\/es\/wp-json\/wp\/v2\/pages\/4749?wpv_view_count=729\" data-page=\"1\" data-ajax=\"disable\" data-effect=\"fade\" data-maxpages=\"1\" data-ajaxprebefore=\"\" data-ajaxbefore=\"\" data-ajaxafter=\"\" \/><input class=\"wpv_view_count wpv_view_count-729\" type=\"hidden\" name=\"wpv_view_count\" value=\"729\" \/>\n\n<\/form>\n<div id=\"wpv-view-layout-729\" class=\"js-wpv-view-layout js-wpv-layout-responsive js-wpv-view-layout-729\" data-viewnumber=\"729\" data-pagination=\"{&quot;id&quot;:729,&quot;query&quot;:&quot;normal&quot;,&quot;type&quot;:&quot;paged&quot;,&quot;effect&quot;:&quot;fade&quot;,&quot;duration&quot;:500,&quot;speed&quot;:5,&quot;pause_on_hover&quot;:&quot;enabled&quot;,&quot;stop_rollover&quot;:&quot;false&quot;,&quot;cache_pages&quot;:&quot;enabled&quot;,&quot;preload_images&quot;:&quot;enabled&quot;,&quot;preload_pages&quot;:&quot;enabled&quot;,&quot;preload_reach&quot;:1,&quot;spinner&quot;:&quot;builtin&quot;,&quot;spinner_image&quot;:&quot;&quot;,&quot;callback_next&quot;:&quot;&quot;,&quot;manage_history&quot;:&quot;enabled&quot;,&quot;has_controls_in_form&quot;:&quot;disabled&quot;,&quot;infinite_tolerance&quot;:0,&quot;max_pages&quot;:1,&quot;page&quot;:1,&quot;base_permalink&quot;:&quot;\/es\/wp-json\/wp\/v2\/pages\/4749?wpv_view_count=729&amp;wpv_paged=WPV_PAGE_NUM&quot;,&quot;loop&quot;:{&quot;type&quot;:&quot;&quot;,&quot;name&quot;:&quot;&quot;,&quot;data&quot;:[],&quot;id&quot;:0}}\" data-permalink=\"\/es\/wp-json\/wp\/v2\/pages\/4749?wpv_view_count=729\">\n\n\t\n\t\n\t<div class=\"container-fluid wpv-loop js-wpv-loop\">\n\t\n\t\t\n\t\t<div class=\"row immoprop\">\n\t\t\t<div class=\"col-md-4 col-xs-12 immocol\"><div class=\"immodinsprop fonslloguer\"><a href=\"https:\/\/payetvacances.com\/es\/alquiler\/apartaments-para-2-4-personas-1-dormitorio\/\" rel=\"noopener noreferrer\">\n<img fetchpriority=\"high\" fetchpriority=\"high\" fetchpriority=\"high\" decoding=\"async\" width=\"800\" height=\"600\" src=\"https:\/\/payetvacances.com\/wp-content\/uploads\/2022\/09\/DSC04014-1024x768.jpg\" class=\"attachment-large size-large wp-post-image\" alt=\"\" srcset=\"https:\/\/payetvacances.com\/wp-content\/uploads\/2022\/09\/DSC04014-1024x768.jpg 1024w, https:\/\/payetvacances.com\/wp-content\/uploads\/2022\/09\/DSC04014-300x225.jpg 300w, https:\/\/payetvacances.com\/wp-content\/uploads\/2022\/09\/DSC04014-768x576.jpg 768w, https:\/\/payetvacances.com\/wp-content\/uploads\/2022\/09\/DSC04014-1536x1152.jpg 1536w, https:\/\/payetvacances.com\/wp-content\/uploads\/2022\/09\/DSC04014-1568x1176.jpg 1568w, https:\/\/payetvacances.com\/wp-content\/uploads\/2022\/09\/DSC04014.jpg 2048w\" sizes=\"(max-width: 800px) 100vw, 800px\" \/>\n<h2 class=\"immotitolpropietat titlloguer\">Apartaments para 2\/4 personas &#8211; 1 dormitorio<\/h2><\/a>\n<p class=\"immotitollocalitat titnegre\">L'Estartit<\/p>\n<div class=\"immopreuireferencia\"><span class=\"immopreu  titnegre\">325\u20ac <\/span><\/div>\n<div class=\"icones\"><div class=\"iconesdreta\"><img decoding=\"async\" src=\"https:\/\/payetvacances.com\/wp-content\/uploads\/2021\/04\/payet-web-m2.svg\" class=\"immoicones\"><span class=\"immometrescuadrats\">45m<span class=\"quadrats\">2<\/span><\/span><\/div><div class=\"iconesesquerra iconeslloguer\"><img decoding=\"async\" src=\"https:\/\/payetvacances.com\/wp-content\/uploads\/2021\/04\/payet-web-llit.svg\" class=\"immoicones\"><span class=\"immometrescuadrats immohab\">1<\/span><img decoding=\"async\" src=\"https:\/\/payetvacances.com\/wp-content\/uploads\/2021\/04\/payet-web-dutxa.svg\" class=\"immoicones\"><span class=\"immometrescuadrats\">1<\/span><\/div><\/div><\/div><\/div>\n\t\t\n\t\t\n\t\t\t<div class=\"col-md-4 col-xs-12 immocol\"><div class=\"immodinsprop fonslloguer\"><a href=\"https:\/\/payetvacances.com\/es\/alquiler\/apartamentos-para-6-8-personas-3-dormitorios\/\" rel=\"noopener noreferrer\">\n<img fetchpriority=\"high\" fetchpriority=\"high\" fetchpriority=\"high\" decoding=\"async\" width=\"800\" height=\"600\" src=\"https:\/\/payetvacances.com\/wp-content\/uploads\/2022\/09\/DSC04014-1024x768.jpg\" class=\"attachment-large size-large wp-post-image\" alt=\"\" srcset=\"https:\/\/payetvacances.com\/wp-content\/uploads\/2022\/09\/DSC04014-1024x768.jpg 1024w, https:\/\/payetvacances.com\/wp-content\/uploads\/2022\/09\/DSC04014-300x225.jpg 300w, https:\/\/payetvacances.com\/wp-content\/uploads\/2022\/09\/DSC04014-768x576.jpg 768w, https:\/\/payetvacances.com\/wp-content\/uploads\/2022\/09\/DSC04014-1536x1152.jpg 1536w, https:\/\/payetvacances.com\/wp-content\/uploads\/2022\/09\/DSC04014-1568x1176.jpg 1568w, https:\/\/payetvacances.com\/wp-content\/uploads\/2022\/09\/DSC04014.jpg 2048w\" sizes=\"(max-width: 800px) 100vw, 800px\" \/>\n<h2 class=\"immotitolpropietat titlloguer\">Apartamentos para 6\/8 personas &#8211; 3 dormitorios<\/h2><\/a>\n<p class=\"immotitollocalitat titnegre\">L'Estartit<\/p>\n<div class=\"immopreuireferencia\"><span class=\"immopreu  titnegre\">495\u20ac <\/span><\/div>\n<div class=\"icones\"><div class=\"iconesdreta\"><img decoding=\"async\" src=\"https:\/\/payetvacances.com\/wp-content\/uploads\/2021\/04\/payet-web-m2.svg\" class=\"immoicones\"><span class=\"immometrescuadrats\">60m<span class=\"quadrats\">2<\/span><\/span><\/div><div class=\"iconesesquerra iconeslloguer\"><img decoding=\"async\" src=\"https:\/\/payetvacances.com\/wp-content\/uploads\/2021\/04\/payet-web-llit.svg\" class=\"immoicones\"><span class=\"immometrescuadrats immohab\">3<\/span><img decoding=\"async\" src=\"https:\/\/payetvacances.com\/wp-content\/uploads\/2021\/04\/payet-web-dutxa.svg\" class=\"immoicones\"><span class=\"immometrescuadrats\">1<\/span><\/div><\/div><\/div><\/div>\n\t\t\n\t\t\n\t\t\t<div class=\"col-md-4 col-xs-12 immocol\"><div class=\"immodinsprop fonslloguer\"><a href=\"https:\/\/payetvacances.com\/es\/alquiler\/apartamentos-para-4-6-personas-2-dormitorios\/\" rel=\"noopener noreferrer\">\n<img fetchpriority=\"high\" fetchpriority=\"high\" fetchpriority=\"high\" decoding=\"async\" width=\"800\" height=\"600\" src=\"https:\/\/payetvacances.com\/wp-content\/uploads\/2022\/09\/DSC04014-1024x768.jpg\" class=\"attachment-large size-large wp-post-image\" alt=\"\" srcset=\"https:\/\/payetvacances.com\/wp-content\/uploads\/2022\/09\/DSC04014-1024x768.jpg 1024w, https:\/\/payetvacances.com\/wp-content\/uploads\/2022\/09\/DSC04014-300x225.jpg 300w, https:\/\/payetvacances.com\/wp-content\/uploads\/2022\/09\/DSC04014-768x576.jpg 768w, https:\/\/payetvacances.com\/wp-content\/uploads\/2022\/09\/DSC04014-1536x1152.jpg 1536w, https:\/\/payetvacances.com\/wp-content\/uploads\/2022\/09\/DSC04014-1568x1176.jpg 1568w, https:\/\/payetvacances.com\/wp-content\/uploads\/2022\/09\/DSC04014.jpg 2048w\" sizes=\"(max-width: 800px) 100vw, 800px\" \/>\n<h2 class=\"immotitolpropietat titlloguer\">Apartamentos para 4\/6 personas &#8211; 2 dormitorios<\/h2><\/a>\n<p class=\"immotitollocalitat titnegre\">L'Estartit<\/p>\n<div class=\"immopreuireferencia\"><span class=\"immopreu  titnegre\">430\u20ac <\/span><\/div>\n<div class=\"icones\"><div class=\"iconesdreta\"><img decoding=\"async\" src=\"https:\/\/payetvacances.com\/wp-content\/uploads\/2021\/04\/payet-web-m2.svg\" class=\"immoicones\"><span class=\"immometrescuadrats\">55m<span class=\"quadrats\">2<\/span><\/span><\/div><div class=\"iconesesquerra iconeslloguer\"><img decoding=\"async\" src=\"https:\/\/payetvacances.com\/wp-content\/uploads\/2021\/04\/payet-web-llit.svg\" class=\"immoicones\"><span class=\"immometrescuadrats immohab\">2<\/span><img decoding=\"async\" src=\"https:\/\/payetvacances.com\/wp-content\/uploads\/2021\/04\/payet-web-dutxa.svg\" class=\"immoicones\"><span class=\"immometrescuadrats\">1<\/span><\/div><\/div><\/div><\/div>\n\t\t<\/div>\n\t\t\n\t\t\n\t\t<div class=\"row immoprop\">\n\t\t\t<div class=\"col-md-4 col-xs-12 immocol\"><div class=\"immodinsprop fonslloguer\"><a href=\"https:\/\/payetvacances.com\/es\/alquiler\/oferta-san-juan-apartamentos-payet-vacances\/\" rel=\"noopener noreferrer\">\n<img decoding=\"async\" width=\"800\" height=\"534\" src=\"https:\/\/payetvacances.com\/wp-content\/uploads\/2024\/01\/210617_PlatjaFamiliar_JordiRenart-1024x683.jpg\" class=\"attachment-large size-large wp-post-image\" alt=\"\" srcset=\"https:\/\/payetvacances.com\/wp-content\/uploads\/2024\/01\/210617_PlatjaFamiliar_JordiRenart-1024x683.jpg 1024w, https:\/\/payetvacances.com\/wp-content\/uploads\/2024\/01\/210617_PlatjaFamiliar_JordiRenart-300x200.jpg 300w, https:\/\/payetvacances.com\/wp-content\/uploads\/2024\/01\/210617_PlatjaFamiliar_JordiRenart-768x512.jpg 768w, https:\/\/payetvacances.com\/wp-content\/uploads\/2024\/01\/210617_PlatjaFamiliar_JordiRenart-1536x1024.jpg 1536w, https:\/\/payetvacances.com\/wp-content\/uploads\/2024\/01\/210617_PlatjaFamiliar_JordiRenart-2048x1365.jpg 2048w\" sizes=\"(max-width: 800px) 100vw, 800px\" \/>\n<h2 class=\"immotitolpropietat titlloguer\">Precios San Juan &#8211; Apartamentos Payet Vacances<\/h2><\/a>\n<p class=\"immotitollocalitat titnegre\">L'Estartit<\/p>\n<div class=\"immopreuireferencia\"><span class=\"immopreu  titnegre\">440\u20ac <\/span><\/div>\n<div class=\"icones\"><div class=\"iconesdreta\"><img decoding=\"async\" src=\"https:\/\/payetvacances.com\/wp-content\/uploads\/2021\/04\/payet-web-m2.svg\" class=\"immoicones\"><span class=\"immometrescuadrats\">80-180m<span class=\"quadrats\">2<\/span><\/span><\/div><div class=\"iconesesquerra iconeslloguer\"><img decoding=\"async\" src=\"https:\/\/payetvacances.com\/wp-content\/uploads\/2021\/04\/payet-web-llit.svg\" class=\"immoicones\"><span class=\"immometrescuadrats immohab\">2-3-4<\/span><img decoding=\"async\" src=\"https:\/\/payetvacances.com\/wp-content\/uploads\/2021\/04\/payet-web-dutxa.svg\" class=\"immoicones\"><span class=\"immometrescuadrats\">2-3-4<\/span><\/div><\/div><\/div><\/div>\n\t\t\n\t\t\n\t\t\t<div class=\"col-md-4 col-xs-12 immocol\"><div class=\"immodinsprop fonslloguer\"><a href=\"https:\/\/payetvacances.com\/es\/alquiler\/villa-guapa-para-6-8-persones-3-dormitorios\/\" rel=\"noopener noreferrer\">\n<img decoding=\"async\" width=\"800\" height=\"600\" src=\"https:\/\/payetvacances.com\/wp-content\/uploads\/2023\/06\/vista-exterior-casa-Guapa-1-1024x768.jpg\" class=\"attachment-large size-large wp-post-image\" alt=\"\" srcset=\"https:\/\/payetvacances.com\/wp-content\/uploads\/2023\/06\/vista-exterior-casa-Guapa-1-1024x768.jpg 1024w, https:\/\/payetvacances.com\/wp-content\/uploads\/2023\/06\/vista-exterior-casa-Guapa-1-300x225.jpg 300w, https:\/\/payetvacances.com\/wp-content\/uploads\/2023\/06\/vista-exterior-casa-Guapa-1-768x576.jpg 768w, https:\/\/payetvacances.com\/wp-content\/uploads\/2023\/06\/vista-exterior-casa-Guapa-1-1536x1152.jpg 1536w, https:\/\/payetvacances.com\/wp-content\/uploads\/2023\/06\/vista-exterior-casa-Guapa-1.jpg 1920w\" sizes=\"(max-width: 800px) 100vw, 800px\" \/>\n<h2 class=\"immotitolpropietat titlloguer\">Villa Guapa para 6\/8 persones &#8211; 3 dormitorios<\/h2><\/a>\n<p class=\"immotitollocalitat titnegre\">L'Estartit<\/p>\n<div class=\"immopreuireferencia\"><span class=\"immopreu  titnegre\">585\u20ac <\/span><\/div>\n<div class=\"icones\"><div class=\"iconesdreta\"><img decoding=\"async\" src=\"https:\/\/payetvacances.com\/wp-content\/uploads\/2021\/04\/payet-web-m2.svg\" class=\"immoicones\"><span class=\"immometrescuadrats\">95m<span class=\"quadrats\">2<\/span><\/span><\/div><div class=\"iconesesquerra iconeslloguer\"><img decoding=\"async\" src=\"https:\/\/payetvacances.com\/wp-content\/uploads\/2021\/04\/payet-web-llit.svg\" class=\"immoicones\"><span class=\"immometrescuadrats immohab\">3<\/span><img decoding=\"async\" src=\"https:\/\/payetvacances.com\/wp-content\/uploads\/2021\/04\/payet-web-dutxa.svg\" class=\"immoicones\"><span class=\"immometrescuadrats\">2<\/span><\/div><\/div><\/div><\/div>\n\t\t\n\t\t\n\t\t\t<div class=\"col-md-4 col-xs-12 immocol\"><div class=\"immodinsprop fonslloguer\"><a href=\"https:\/\/payetvacances.com\/es\/alquiler\/villa-gorga-para-6-8-persones-3-dormitorios\/\" rel=\"noopener noreferrer\">\n<img loading=\"lazy\" loading=\"lazy\" loading=\"lazy\" decoding=\"async\" width=\"800\" height=\"450\" src=\"https:\/\/payetvacances.com\/wp-content\/uploads\/2023\/06\/20180323_122729-1024x576.jpg\" class=\"attachment-large size-large wp-post-image\" alt=\"\" srcset=\"https:\/\/payetvacances.com\/wp-content\/uploads\/2023\/06\/20180323_122729-1024x576.jpg 1024w, https:\/\/payetvacances.com\/wp-content\/uploads\/2023\/06\/20180323_122729-300x169.jpg 300w, https:\/\/payetvacances.com\/wp-content\/uploads\/2023\/06\/20180323_122729-768x432.jpg 768w, https:\/\/payetvacances.com\/wp-content\/uploads\/2023\/06\/20180323_122729-1536x864.jpg 1536w, https:\/\/payetvacances.com\/wp-content\/uploads\/2023\/06\/20180323_122729-2048x1152.jpg 2048w\" sizes=\"auto, (max-width: 800px) 100vw, 800px\" \/>\n<h2 class=\"immotitolpropietat titlloguer\">Villa Gorga para 6\/8 persones &#8211; 3 dormitorios<\/h2><\/a>\n<p class=\"immotitollocalitat titnegre\">L'Estartit<\/p>\n<div class=\"immopreuireferencia\"><span class=\"immopreu  titnegre\">570\u20ac <\/span><\/div>\n<div class=\"icones\"><div class=\"iconesdreta\"><img decoding=\"async\" src=\"https:\/\/payetvacances.com\/wp-content\/uploads\/2021\/04\/payet-web-m2.svg\" class=\"immoicones\"><span class=\"immometrescuadrats\">80m<span class=\"quadrats\">2<\/span><\/span><\/div><div class=\"iconesesquerra iconeslloguer\"><img decoding=\"async\" src=\"https:\/\/payetvacances.com\/wp-content\/uploads\/2021\/04\/payet-web-llit.svg\" class=\"immoicones\"><span class=\"immometrescuadrats immohab\">3<\/span><img decoding=\"async\" src=\"https:\/\/payetvacances.com\/wp-content\/uploads\/2021\/04\/payet-web-dutxa.svg\" class=\"immoicones\"><span class=\"immometrescuadrats\">2<\/span><\/div><\/div><\/div><\/div>\n\t\t<\/div>\n\t\t\n\t\t\n\t\t<div class=\"row immoprop\">\n\t\t\t<div class=\"col-md-4 col-xs-12 immocol\"><div class=\"immodinsprop fonslloguer\"><a href=\"https:\/\/payetvacances.com\/es\/alquiler\/casa-pletera-3-dormitorios\/\" rel=\"noopener noreferrer\">\n<img loading=\"lazy\" loading=\"lazy\" loading=\"lazy\" decoding=\"async\" width=\"800\" height=\"602\" src=\"https:\/\/payetvacances.com\/wp-content\/uploads\/2023\/06\/1678789588179.jpg\" class=\"attachment-large size-large wp-post-image\" alt=\"\" srcset=\"https:\/\/payetvacances.com\/wp-content\/uploads\/2023\/06\/1678789588179.jpg 800w, https:\/\/payetvacances.com\/wp-content\/uploads\/2023\/06\/1678789588179-300x226.jpg 300w, https:\/\/payetvacances.com\/wp-content\/uploads\/2023\/06\/1678789588179-768x578.jpg 768w\" sizes=\"auto, (max-width: 800px) 100vw, 800px\" \/>\n<h2 class=\"immotitolpropietat titlloguer\">Casa Pletera &#8211; 3 dormitorios<\/h2><\/a>\n<p class=\"immotitollocalitat titnegre\">L'Estartit<\/p>\n<div class=\"immopreuireferencia\"><span class=\"immopreu  titnegre\">490\u20ac <\/span><\/div>\n<div class=\"icones\"><div class=\"iconesdreta\"><img decoding=\"async\" src=\"https:\/\/payetvacances.com\/wp-content\/uploads\/2021\/04\/payet-web-m2.svg\" class=\"immoicones\"><span class=\"immometrescuadrats\">70m<span class=\"quadrats\">2<\/span><\/span><\/div><div class=\"iconesesquerra iconeslloguer\"><img decoding=\"async\" src=\"https:\/\/payetvacances.com\/wp-content\/uploads\/2021\/04\/payet-web-llit.svg\" class=\"immoicones\"><span class=\"immometrescuadrats immohab\">3<\/span><img decoding=\"async\" src=\"https:\/\/payetvacances.com\/wp-content\/uploads\/2021\/04\/payet-web-dutxa.svg\" class=\"immoicones\"><span class=\"immometrescuadrats\">2<\/span><\/div><\/div><\/div><\/div>\n\t\t\n\t\t\n\t\t\t<div class=\"col-md-4 col-xs-12 immocol\"><div class=\"immodinsprop fonslloguer\"><a href=\"https:\/\/payetvacances.com\/es\/alquiler\/casa-con-psicina-y-jardin-privado-3-dormitorios\/\" rel=\"noopener noreferrer\">\n<img loading=\"lazy\" loading=\"lazy\" loading=\"lazy\" decoding=\"async\" width=\"800\" height=\"600\" src=\"https:\/\/payetvacances.com\/wp-content\/uploads\/2023\/06\/facana.jpg\" class=\"attachment-large size-large wp-post-image\" alt=\"\" srcset=\"https:\/\/payetvacances.com\/wp-content\/uploads\/2023\/06\/facana.jpg 1024w, https:\/\/payetvacances.com\/wp-content\/uploads\/2023\/06\/facana-300x225.jpg 300w, https:\/\/payetvacances.com\/wp-content\/uploads\/2023\/06\/facana-768x576.jpg 768w\" sizes=\"auto, (max-width: 800px) 100vw, 800px\" \/>\n<h2 class=\"immotitolpropietat titlloguer\">Casa con psicina y jard\u00edn privado &#8211; 3 dormitorios<\/h2><\/a>\n<p class=\"immotitollocalitat titnegre\">Torroella de Montgr\u00ed<\/p>\n<div class=\"immopreuireferencia\"><span class=\"immopreu  titnegre\">995\u20ac <\/span><\/div>\n<div class=\"icones\"><div class=\"iconesdreta\"><img decoding=\"async\" src=\"https:\/\/payetvacances.com\/wp-content\/uploads\/2021\/04\/payet-web-m2.svg\" class=\"immoicones\"><span class=\"immometrescuadrats\">200m<span class=\"quadrats\">2<\/span><\/span><\/div><div class=\"iconesesquerra iconeslloguer\"><img decoding=\"async\" src=\"https:\/\/payetvacances.com\/wp-content\/uploads\/2021\/04\/payet-web-llit.svg\" class=\"immoicones\"><span class=\"immometrescuadrats immohab\">3<\/span><img decoding=\"async\" src=\"https:\/\/payetvacances.com\/wp-content\/uploads\/2021\/04\/payet-web-dutxa.svg\" class=\"immoicones\"><span class=\"immometrescuadrats\">3<\/span><\/div><\/div><\/div><\/div>\n\t\t\n\t\t\n\t\t\t<div class=\"col-md-4 col-xs-12 immocol\"><div class=\"immodinsprop fonslloguer\"><a href=\"https:\/\/payetvacances.com\/es\/alquiler\/apartamento-festastar-para-2-4-personas-1-dormitorio\/\" rel=\"noopener noreferrer\">\n<img loading=\"lazy\" loading=\"lazy\" loading=\"lazy\" decoding=\"async\" width=\"800\" height=\"600\" src=\"https:\/\/payetvacances.com\/wp-content\/uploads\/2023\/10\/fs8.jpg\" class=\"attachment-large size-large wp-post-image\" alt=\"\" srcset=\"https:\/\/payetvacances.com\/wp-content\/uploads\/2023\/10\/fs8.jpg 1024w, https:\/\/payetvacances.com\/wp-content\/uploads\/2023\/10\/fs8-300x225.jpg 300w, https:\/\/payetvacances.com\/wp-content\/uploads\/2023\/10\/fs8-768x576.jpg 768w\" sizes=\"auto, (max-width: 800px) 100vw, 800px\" \/>\n<h2 class=\"immotitolpropietat titlloguer\">Apartamento Festastar FSH<\/h2><\/a>\n<p class=\"immotitollocalitat titnegre\"><\/p>\n<div class=\"immopreuireferencia\"><span class=\"immopreu  titnegre\">370\u20ac <\/span><\/div>\n<div class=\"icones\"><div class=\"iconesdreta\"><img decoding=\"async\" src=\"https:\/\/payetvacances.com\/wp-content\/uploads\/2021\/04\/payet-web-m2.svg\" class=\"immoicones\"><span class=\"immometrescuadrats\">55m<span class=\"quadrats\">2<\/span><\/span><\/div><div class=\"iconesesquerra iconeslloguer\"><img decoding=\"async\" src=\"https:\/\/payetvacances.com\/wp-content\/uploads\/2021\/04\/payet-web-llit.svg\" class=\"immoicones\"><span class=\"immometrescuadrats immohab\">1<\/span><img decoding=\"async\" src=\"https:\/\/payetvacances.com\/wp-content\/uploads\/2021\/04\/payet-web-dutxa.svg\" class=\"immoicones\"><span class=\"immometrescuadrats\">1<\/span><\/div><\/div><\/div><\/div>\n\t\t<\/div>\n\t\t\n\t\t\n\t\t<div class=\"row immoprop\">\n\t\t\t<div class=\"col-md-4 col-xs-12 immocol\"><div class=\"immodinsprop fonslloguer\"><a href=\"https:\/\/payetvacances.com\/es\/alquiler\/precio-semana-santa\/\" rel=\"noopener noreferrer\">\n<img loading=\"lazy\" loading=\"lazy\" loading=\"lazy\" decoding=\"async\" width=\"800\" height=\"450\" src=\"https:\/\/payetvacances.com\/wp-content\/uploads\/2024\/01\/220515_VistesCapDeLaBarra_JosepPascual-1024x576.jpg\" class=\"attachment-large size-large wp-post-image\" alt=\"\" srcset=\"https:\/\/payetvacances.com\/wp-content\/uploads\/2024\/01\/220515_VistesCapDeLaBarra_JosepPascual-1024x576.jpg 1024w, https:\/\/payetvacances.com\/wp-content\/uploads\/2024\/01\/220515_VistesCapDeLaBarra_JosepPascual-300x169.jpg 300w, https:\/\/payetvacances.com\/wp-content\/uploads\/2024\/01\/220515_VistesCapDeLaBarra_JosepPascual-768x432.jpg 768w, https:\/\/payetvacances.com\/wp-content\/uploads\/2024\/01\/220515_VistesCapDeLaBarra_JosepPascual-1536x864.jpg 1536w, https:\/\/payetvacances.com\/wp-content\/uploads\/2024\/01\/220515_VistesCapDeLaBarra_JosepPascual-2048x1152.jpg 2048w\" sizes=\"auto, (max-width: 800px) 100vw, 800px\" \/>\n<h2 class=\"immotitolpropietat titlloguer\">Precios Semana Santa<\/h2><\/a>\n<p class=\"immotitollocalitat titnegre\">L'Estartit<\/p>\n<div class=\"immopreuireferencia\"><span class=\"immopreu  titnegre\">360\u20ac <\/span><\/div>\n<div class=\"icones\"><div class=\"iconesdreta\"><img decoding=\"async\" src=\"https:\/\/payetvacances.com\/wp-content\/uploads\/2021\/04\/payet-web-m2.svg\" class=\"immoicones\"><span class=\"immometrescuadrats\">m<span class=\"quadrats\">2<\/span><\/span><\/div><div class=\"iconesesquerra iconeslloguer\"><img decoding=\"async\" src=\"https:\/\/payetvacances.com\/wp-content\/uploads\/2021\/04\/payet-web-llit.svg\" class=\"immoicones\"><span class=\"immometrescuadrats immohab\"><\/span><img decoding=\"async\" src=\"https:\/\/payetvacances.com\/wp-content\/uploads\/2021\/04\/payet-web-dutxa.svg\" class=\"immoicones\"><span class=\"immometrescuadrats\"><\/span><\/div><\/div><\/div><\/div>\n\t\t\n\t\t\n\t\t\t<div class=\"col-md-4 col-xs-12 immocol\"><div class=\"immodinsprop fonslloguer\"><a href=\"https:\/\/payetvacances.com\/es\/alquiler\/apartamento-ebro-6-para-4-6-personas\/\" rel=\"noopener noreferrer\">\n<img loading=\"lazy\" loading=\"lazy\" loading=\"lazy\" decoding=\"async\" width=\"800\" height=\"600\" src=\"https:\/\/payetvacances.com\/wp-content\/uploads\/2024\/03\/1-1024x768.jpg\" class=\"attachment-large size-large wp-post-image\" alt=\"\" srcset=\"https:\/\/payetvacances.com\/wp-content\/uploads\/2024\/03\/1-1024x768.jpg 1024w, https:\/\/payetvacances.com\/wp-content\/uploads\/2024\/03\/1-300x225.jpg 300w, https:\/\/payetvacances.com\/wp-content\/uploads\/2024\/03\/1-768x576.jpg 768w, https:\/\/payetvacances.com\/wp-content\/uploads\/2024\/03\/1-1536x1152.jpg 1536w, https:\/\/payetvacances.com\/wp-content\/uploads\/2024\/03\/1-2048x1536.jpg 2048w\" sizes=\"auto, (max-width: 800px) 100vw, 800px\" \/>\n<h2 class=\"immotitolpropietat titlloguer\">Apartamento Ebro 6 para 4\/6 personas<\/h2><\/a>\n<p class=\"immotitollocalitat titnegre\">L'Estartit<\/p>\n<div class=\"immopreuireferencia\"><span class=\"immopreu  titnegre\">410\u20ac <\/span><\/div>\n<div class=\"icones\"><div class=\"iconesdreta\"><img decoding=\"async\" src=\"https:\/\/payetvacances.com\/wp-content\/uploads\/2021\/04\/payet-web-m2.svg\" class=\"immoicones\"><span class=\"immometrescuadrats\">m<span class=\"quadrats\">2<\/span><\/span><\/div><div class=\"iconesesquerra iconeslloguer\"><img decoding=\"async\" src=\"https:\/\/payetvacances.com\/wp-content\/uploads\/2021\/04\/payet-web-llit.svg\" class=\"immoicones\"><span class=\"immometrescuadrats immohab\">2<\/span><img decoding=\"async\" src=\"https:\/\/payetvacances.com\/wp-content\/uploads\/2021\/04\/payet-web-dutxa.svg\" class=\"immoicones\"><span class=\"immometrescuadrats\">1<\/span><\/div><\/div><\/div><\/div>\n\t\t\n\t\t\n\t\t\t<div class=\"col-md-4 col-xs-12 immocol\"><div class=\"immodinsprop fonslloguer\"><a href=\"https:\/\/payetvacances.com\/es\/alquiler\/apartamento-festastar-para-2-4-personas\/\" rel=\"noopener noreferrer\">\n<img loading=\"lazy\" loading=\"lazy\" loading=\"lazy\" decoding=\"async\" width=\"800\" height=\"600\" src=\"https:\/\/payetvacances.com\/wp-content\/uploads\/2024\/07\/1.jpg\" class=\"attachment-large size-large wp-post-image\" alt=\"\" srcset=\"https:\/\/payetvacances.com\/wp-content\/uploads\/2024\/07\/1.jpg 1024w, https:\/\/payetvacances.com\/wp-content\/uploads\/2024\/07\/1-300x225.jpg 300w, https:\/\/payetvacances.com\/wp-content\/uploads\/2024\/07\/1-768x576.jpg 768w\" sizes=\"auto, (max-width: 800px) 100vw, 800px\" \/>\n<h2 class=\"immotitolpropietat titlloguer\">Apartamento Festastar FSA para 2\/4 personas &#8211; 1 dormitorio<\/h2><\/a>\n<p class=\"immotitollocalitat titnegre\">L'Estartit<\/p>\n<div class=\"immopreuireferencia\"><span class=\"immopreu  titnegre\">370\u20ac <\/span><\/div>\n<div class=\"icones\"><div class=\"iconesdreta\"><img decoding=\"async\" src=\"https:\/\/payetvacances.com\/wp-content\/uploads\/2021\/04\/payet-web-m2.svg\" class=\"immoicones\"><span class=\"immometrescuadrats\">55m<span class=\"quadrats\">2<\/span><\/span><\/div><div class=\"iconesesquerra iconeslloguer\"><img decoding=\"async\" src=\"https:\/\/payetvacances.com\/wp-content\/uploads\/2021\/04\/payet-web-llit.svg\" class=\"immoicones\"><span class=\"immometrescuadrats immohab\">1<\/span><img decoding=\"async\" src=\"https:\/\/payetvacances.com\/wp-content\/uploads\/2021\/04\/payet-web-dutxa.svg\" class=\"immoicones\"><span class=\"immometrescuadrats\">1<\/span><\/div><\/div><\/div><\/div>\n\t\t<\/div>\n\t\t\n\t\t\n\t\t<div class=\"row immoprop\">\n\t\t\t<div class=\"col-md-4 col-xs-12 immocol\"><div class=\"immodinsprop fonslloguer\"><a href=\"https:\/\/payetvacances.com\/es\/alquiler\/apartamento-salines-h\/\" rel=\"noopener noreferrer\">\n<img loading=\"lazy\" loading=\"lazy\" loading=\"lazy\" decoding=\"async\" width=\"800\" height=\"600\" src=\"https:\/\/payetvacances.com\/wp-content\/uploads\/2025\/02\/ko3.jpg\" class=\"attachment-large size-large wp-post-image\" alt=\"\" srcset=\"https:\/\/payetvacances.com\/wp-content\/uploads\/2025\/02\/ko3.jpg 1024w, https:\/\/payetvacances.com\/wp-content\/uploads\/2025\/02\/ko3-300x225.jpg 300w, https:\/\/payetvacances.com\/wp-content\/uploads\/2025\/02\/ko3-768x576.jpg 768w\" sizes=\"auto, (max-width: 800px) 100vw, 800px\" \/>\n<h2 class=\"immotitolpropietat titlloguer\">Apartamento SALINES-H<\/h2><\/a>\n<p class=\"immotitollocalitat titnegre\">L'Estartit<\/p>\n<div class=\"immopreuireferencia\"><span class=\"immopreu  titnegre\">495\u20ac <\/span><\/div>\n<div class=\"icones\"><div class=\"iconesdreta\"><img decoding=\"async\" src=\"https:\/\/payetvacances.com\/wp-content\/uploads\/2021\/04\/payet-web-m2.svg\" class=\"immoicones\"><span class=\"immometrescuadrats\">45m<span class=\"quadrats\">2<\/span><\/span><\/div><div class=\"iconesesquerra iconeslloguer\"><img decoding=\"async\" src=\"https:\/\/payetvacances.com\/wp-content\/uploads\/2021\/04\/payet-web-llit.svg\" class=\"immoicones\"><span class=\"immometrescuadrats immohab\">2<\/span><img decoding=\"async\" src=\"https:\/\/payetvacances.com\/wp-content\/uploads\/2021\/04\/payet-web-dutxa.svg\" class=\"immoicones\"><span class=\"immometrescuadrats\">1<\/span><\/div><\/div><\/div><\/div>\n\t\t\n\t\t\t<div class=\"col-md-4\"><\/div>\n\t\t\n\t\t\t<div class=\"col-md-4\"><\/div>\n\t\t<\/div>\n\t\n<div class=\"immopaginacio\"><\/div>\n\t<\/div>\n\t\n\t\n\t\n<\/div>\n\t\t\t\t<\/div>\n\t\t\t\t<\/div>\n\t\t\t\t\t<\/div>\n\t\t<\/div>\n\t\t\t\t\t<\/div>\n\t\t<\/section>\n\t\t\t\t<section class=\"elementor-section elementor-top-section elementor-element elementor-element-b5c8456 elementor-section-full_width elementor-section-height-default elementor-section-height-default\" data-id=\"b5c8456\" data-element_type=\"section\" data-e-type=\"section\">\n\t\t\t\t\t\t<div class=\"elementor-container elementor-column-gap-wider\">\n\t\t\t\t\t<div class=\"elementor-column elementor-col-50 elementor-top-column elementor-element elementor-element-8c3f97a\" data-id=\"8c3f97a\" data-element_type=\"column\" data-e-type=\"column\">\n\t\t\t<div class=\"elementor-widget-wrap elementor-element-populated\">\n\t\t\t\t\t\t<div class=\"elementor-element elementor-element-3b83520 elementor-widget elementor-widget-heading\" data-id=\"3b83520\" data-element_type=\"widget\" data-e-type=\"widget\" data-widget_type=\"heading.default\">\n\t\t\t\t<div class=\"elementor-widget-container\">\n\t\t\t\t\t<h2 class=\"elementor-heading-title elementor-size-default\">ALQUILAR APARTAMENTO TUR\u00cdSTICO EN ESTARTIT<\/h2>\t\t\t\t<\/div>\n\t\t\t\t<\/div>\n\t\t\t\t<div class=\"elementor-element elementor-element-e7bc04a elementor-widget elementor-widget-heading\" data-id=\"e7bc04a\" data-element_type=\"widget\" data-e-type=\"widget\" data-widget_type=\"heading.default\">\n\t\t\t\t<div class=\"elementor-widget-container\">\n\t\t\t\t\t<p class=\"elementor-heading-title elementor-size-default\"> Venir de vacaciones a Estartit en uno de nuestros apartamentos de alquiler tur\u00edstico es una opci\u00f3n muy recomendable para aquellas fam\u00edlias grupos de amigos, parejas, viajeros de todo el  mundo que desean sentirse como en casa. Tendr\u00e1n a su alcance nuestros servicios excepcionales de piscina, bar y restaurante, al mismo tiempo podr\u00e1n convivir como en casa suya en su apartamento completamente equipado a muy pocos  metros de la playa principal de Estartit<\/p>\t\t\t\t<\/div>\n\t\t\t\t<\/div>\n\t\t\t\t\t<\/div>\n\t\t<\/div>\n\t\t\t\t<div class=\"elementor-column elementor-col-50 elementor-top-column elementor-element elementor-element-e086de7\" data-id=\"e086de7\" data-element_type=\"column\" data-e-type=\"column\">\n\t\t\t<div class=\"elementor-widget-wrap elementor-element-populated\">\n\t\t\t\t\t\t<div class=\"elementor-element elementor-element-cf26a19 elementor-widget elementor-widget-heading\" data-id=\"cf26a19\" data-element_type=\"widget\" data-e-type=\"widget\" data-widget_type=\"heading.default\">\n\t\t\t\t<div class=\"elementor-widget-container\">\n\t\t\t\t\t<h2 class=\"elementor-heading-title elementor-size-default\">ALQUILAR CASA DE VACACIONES EN ESTARTIT<\/h2>\t\t\t\t<\/div>\n\t\t\t\t<\/div>\n\t\t\t\t<div class=\"elementor-element elementor-element-6edd608 elementor-widget elementor-widget-heading\" data-id=\"6edd608\" data-element_type=\"widget\" data-e-type=\"widget\" data-widget_type=\"heading.default\">\n\t\t\t\t<div class=\"elementor-widget-container\">\n\t\t\t\t\t<p class=\"elementor-heading-title elementor-size-default\">Si lo que quieren es unas vacaciones en grupo o en fam\u00edlia, o si s\u00f3n una pareja pero buscan espacio y intimidad, tenemos casas con jard\u00edn y patio privado a su disposici\u00f3n a tan solo 2 minutos a pie de la playa. Adem\u00e1s tambi\u00e9n pueden disfrutar de nuestro servicio de piscina a tan s\u00f3lo 20 metros. Las casas se encuentran a menos de 10 minutos a pie del centro del pueblo, del mercado local cada jueves, de supermercados, farmacia, panader\u00eda, librer\u00eda etc.. todo muy cerca para disfrutar de unas felices vacaciones sin necesidad de coger el coche, a menos que quieran visitar otros lugares de la Costa Brava tales como Pals, Begur, a menos de 20 kil\u00f3metros.<\/p>\t\t\t\t<\/div>\n\t\t\t\t<\/div>\n\t\t\t\t\t<\/div>\n\t\t<\/div>\n\t\t\t\t\t<\/div>\n\t\t<\/section>\n\t\t\t\t<section class=\"elementor-section elementor-top-section elementor-element elementor-element-f4f38cd elementor-section-full_width elementor-section-height-default elementor-section-height-default\" data-id=\"f4f38cd\" data-element_type=\"section\" data-e-type=\"section\">\n\t\t\t\t\t\t<div class=\"elementor-container elementor-column-gap-wider\">\n\t\t\t\t\t<div class=\"elementor-column elementor-col-33 elementor-top-column elementor-element elementor-element-b15b716\" data-id=\"b15b716\" data-element_type=\"column\" data-e-type=\"column\">\n\t\t\t<div class=\"elementor-widget-wrap elementor-element-populated\">\n\t\t\t\t\t\t<div class=\"elementor-element elementor-element-6fdb3c5 elementor-widget elementor-widget-heading\" data-id=\"6fdb3c5\" data-element_type=\"widget\" data-e-type=\"widget\" data-widget_type=\"heading.default\">\n\t\t\t\t<div class=\"elementor-widget-container\">\n\t\t\t\t\t<h2 class=\"elementor-heading-title elementor-size-default\">HACER TURISMO EN ESTARTIT<\/h2>\t\t\t\t<\/div>\n\t\t\t\t<\/div>\n\t\t\t\t<div class=\"elementor-element elementor-element-8637f0b elementor-widget elementor-widget-heading\" data-id=\"8637f0b\" data-element_type=\"widget\" data-e-type=\"widget\" data-widget_type=\"heading.default\">\n\t\t\t\t<div class=\"elementor-widget-container\">\n\t\t\t\t\t<p class=\"elementor-heading-title elementor-size-default\">Estartit es uno de los municipios m\u00e1s conocidos de la Costa Brava. Situado en la provincia de GIrona, sin duda es una parada obligatoria si tiene pensado pasar por la zona del Empord\u00e0. Hay mucho que visitar, pero tambi\u00e9n pueden estar en contacto con la naturaleza. Aunque nos encontramos en pleno Macizo del Montgr\u00ed y parque Naural de las Islas Medas y el Baix Ter, Se practican todo tipo de actividades culturales y de ocio como el concierto de Jazz que cada a\u00f1o disfrutamos desde un lugar privilegiado como es la cala del Mollinet, actividades deportivas como la h\u00edpica o el subamarinismo y gastronom\u00eda de todo tipo para venir a disfrutar de unas vacaciones excepcionales.<\/p>\t\t\t\t<\/div>\n\t\t\t\t<\/div>\n\t\t\t\t\t<\/div>\n\t\t<\/div>\n\t\t\t\t<div class=\"elementor-column elementor-col-33 elementor-top-column elementor-element elementor-element-55977b7\" data-id=\"55977b7\" data-element_type=\"column\" data-e-type=\"column\">\n\t\t\t<div class=\"elementor-widget-wrap elementor-element-populated\">\n\t\t\t\t\t\t<div class=\"elementor-element elementor-element-3a399fd elementor-widget elementor-widget-heading\" data-id=\"3a399fd\" data-element_type=\"widget\" data-e-type=\"widget\" data-widget_type=\"heading.default\">\n\t\t\t\t<div class=\"elementor-widget-container\">\n\t\t\t\t\t<h2 class=\"elementor-heading-title elementor-size-default\">ALQUILER VACACIONES DE VERANO<\/h2>\t\t\t\t<\/div>\n\t\t\t\t<\/div>\n\t\t\t\t<div class=\"elementor-element elementor-element-2550c29 elementor-widget elementor-widget-heading\" data-id=\"2550c29\" data-element_type=\"widget\" data-e-type=\"widget\" data-widget_type=\"heading.default\">\n\t\t\t\t<div class=\"elementor-widget-container\">\n\t\t\t\t\t<p class=\"elementor-heading-title elementor-size-default\">Nuestros apartamentos de vacaciones est\u00e1n abiertos durante casi, todo el a\u00f1o. Dan servicio tanto en los meses de verano como en los meses de temporada baja. Durante la temporada alta de mayor actividad el pueblo de Estartit abre sus puertas a todos los establecimientos, locales, restaurantes y actividades de ocio y culturales. Durante en invierno el buen tiempo nos permite gozar de unas vacaciones tranquilas con un mont\u00f3n de sitios para visitar y recorrer a pocos minutos en coche.<\/p>\t\t\t\t<\/div>\n\t\t\t\t<\/div>\n\t\t\t\t\t<\/div>\n\t\t<\/div>\n\t\t\t\t<div class=\"elementor-column elementor-col-33 elementor-top-column elementor-element elementor-element-31ed985\" data-id=\"31ed985\" data-element_type=\"column\" data-e-type=\"column\">\n\t\t\t<div class=\"elementor-widget-wrap elementor-element-populated\">\n\t\t\t\t\t\t<div class=\"elementor-element elementor-element-385f5e5 elementor-widget elementor-widget-heading\" data-id=\"385f5e5\" data-element_type=\"widget\" data-e-type=\"widget\" data-widget_type=\"heading.default\">\n\t\t\t\t<div class=\"elementor-widget-container\">\n\t\t\t\t\t<h2 class=\"elementor-heading-title elementor-size-default\">EL TURISMO EN ESTARTIT<\/h2>\t\t\t\t<\/div>\n\t\t\t\t<\/div>\n\t\t\t\t<div class=\"elementor-element elementor-element-c079999 elementor-widget elementor-widget-heading\" data-id=\"c079999\" data-element_type=\"widget\" data-e-type=\"widget\" data-widget_type=\"heading.default\">\n\t\t\t\t<div class=\"elementor-widget-container\">\n\t\t\t\t\t<p class=\"elementor-heading-title elementor-size-default\">Estartit es una poblaci\u00f3n que desde siempre ha estado abocada al turismo tanto nacional como internacional. Especialmente nos visitan muchas fam\u00edlias, tambi\u00e9n turismo senior aunque la larga playa de arena fina es de poca profundidad y permite grandes paseos o los juegos para los peque\u00f1os. El turismo m\u00e1s activo, se basa principalmente en submarinistas que inmerisionan por la biodiversidad marina espectacular de las Islas Medas, tambi\u00e9n los amantes de circuitos BTT con rutas y senderos a lo largo del macizo as\u00ed como los caminos viejos cerca de los huertos. El turismo en baja temporada tambi\u00e9n est\u00e1 muy presente y apreciado.<\/p>\t\t\t\t<\/div>\n\t\t\t\t<\/div>\n\t\t\t\t\t<\/div>\n\t\t<\/div>\n\t\t\t\t\t<\/div>\n\t\t<\/section>\n\t\t\t\t<\/div>\n\t\t","protected":false},"excerpt":{"rendered":"<p>Alquiler de apartamentos en Estartit y la Costa Brava APARTAMENTOS Y CASASDE ALQUILER EN LACOSTA BRAVAESTARTIT Y TORROELLA Alquiler de apartamentos y casas de alquiler tur\u00edsitco en Estartit y en Torroella de Montgr\u00ed PROPIEDADES DE ALQUILER TUR\u00cdSTICO Apartaments per a 2\/4 persones &#8211; 1 dormitori L&#8217;Estartit 310\u20ac \/setmana &#8211; Dip\u00f2sit 200 \u20ac 45m2 11 Apartaments [&hellip;]<\/p>\n","protected":false},"author":1,"featured_media":0,"parent":0,"menu_order":0,"comment_status":"closed","ping_status":"closed","template":"elementor_header_footer","meta":{"inline_featured_image":false,"footnotes":""},"class_list":["post-4749","page","type-page","status-publish","hentry"],"yoast_head":"<!-- This site is optimized with the Yoast SEO plugin v27.4 - https:\/\/yoast.com\/product\/yoast-seo-wordpress\/ -->\n<title>Alquiler de apartamentos en Estartit - Vacaciones en Estartit<\/title>\n<meta name=\"description\" content=\"Alquilamos apartamentos en Estartit y en la Costa Brava. Disfruta de unas vacaciones en un apartamento con vistas a la playa junto la fam\u00edlia \u00f3 amigos.\" \/>\n<meta name=\"robots\" content=\"index, follow, max-snippet:-1, max-image-preview:large, max-video-preview:-1\" \/>\n<link rel=\"canonical\" href=\"https:\/\/payetvacances.com\/es\/alquiler-turistico\/\" \/>\n<meta property=\"og:locale\" content=\"es_ES\" \/>\n<meta property=\"og:type\" content=\"article\" \/>\n<meta property=\"og:title\" content=\"Alquiler de apartamentos en Estartit - Vacaciones en Estartit\" \/>\n<meta property=\"og:description\" content=\"Alquilamos apartamentos en Estartit y en la Costa Brava. Disfruta de unas vacaciones en un apartamento con vistas a la playa junto la fam\u00edlia \u00f3 amigos.\" \/>\n<meta property=\"og:url\" content=\"https:\/\/payetvacances.com\/es\/alquiler-turistico\/\" \/>\n<meta property=\"og:site_name\" content=\"Payet Vacances\" \/>\n<meta property=\"article:modified_time\" content=\"2026-02-05T15:35:57+00:00\" \/>\n<meta property=\"og:image\" content=\"https:\/\/payetvacances.com\/wp-content\/uploads\/2022\/08\/icona.png\" \/>\n\t<meta property=\"og:image:width\" content=\"500\" \/>\n\t<meta property=\"og:image:height\" content=\"320\" \/>\n\t<meta property=\"og:image:type\" content=\"image\/png\" \/>\n<meta name=\"twitter:card\" content=\"summary_large_image\" \/>\n<meta name=\"twitter:label1\" content=\"Tiempo de lectura\" \/>\n\t<meta name=\"twitter:data1\" content=\"14 minutos\" \/>\n<script type=\"application\/ld+json\" class=\"yoast-schema-graph\">{\"@context\":\"https:\\\/\\\/schema.org\",\"@graph\":[{\"@type\":\"WebPage\",\"@id\":\"https:\\\/\\\/payetvacances.com\\\/es\\\/alquiler-turistico\\\/\",\"url\":\"https:\\\/\\\/payetvacances.com\\\/es\\\/alquiler-turistico\\\/\",\"name\":\"Alquiler de apartamentos en Estartit - Vacaciones en Estartit\",\"isPartOf\":{\"@id\":\"https:\\\/\\\/payetvacances.com\\\/es\\\/#website\"},\"primaryImageOfPage\":{\"@id\":\"https:\\\/\\\/payetvacances.com\\\/es\\\/alquiler-turistico\\\/#primaryimage\"},\"image\":{\"@id\":\"https:\\\/\\\/payetvacances.com\\\/es\\\/alquiler-turistico\\\/#primaryimage\"},\"thumbnailUrl\":\"https:\\\/\\\/payetvacances.com\\\/wp-content\\\/uploads\\\/2022\\\/08\\\/icona.png\",\"datePublished\":\"2023-11-27T17:30:48+00:00\",\"dateModified\":\"2026-02-05T15:35:57+00:00\",\"description\":\"Alquilamos apartamentos en Estartit y en la Costa Brava. Disfruta de unas vacaciones en un apartamento con vistas a la playa junto la fam\u00edlia \u00f3 amigos.\",\"breadcrumb\":{\"@id\":\"https:\\\/\\\/payetvacances.com\\\/es\\\/alquiler-turistico\\\/#breadcrumb\"},\"inLanguage\":\"es\",\"potentialAction\":[{\"@type\":\"ReadAction\",\"target\":[\"https:\\\/\\\/payetvacances.com\\\/es\\\/alquiler-turistico\\\/\"]}]},{\"@type\":\"ImageObject\",\"inLanguage\":\"es\",\"@id\":\"https:\\\/\\\/payetvacances.com\\\/es\\\/alquiler-turistico\\\/#primaryimage\",\"url\":\"https:\\\/\\\/payetvacances.com\\\/wp-content\\\/uploads\\\/2022\\\/08\\\/icona.png\",\"contentUrl\":\"https:\\\/\\\/payetvacances.com\\\/wp-content\\\/uploads\\\/2022\\\/08\\\/icona.png\"},{\"@type\":\"BreadcrumbList\",\"@id\":\"https:\\\/\\\/payetvacances.com\\\/es\\\/alquiler-turistico\\\/#breadcrumb\",\"itemListElement\":[{\"@type\":\"ListItem\",\"position\":1,\"name\":\"Inici\",\"item\":\"https:\\\/\\\/payetvacances.com\\\/es\\\/\"},{\"@type\":\"ListItem\",\"position\":2,\"name\":\"ALQUILER TUR\u00cdSTICO\"}]},{\"@type\":\"WebSite\",\"@id\":\"https:\\\/\\\/payetvacances.com\\\/es\\\/#website\",\"url\":\"https:\\\/\\\/payetvacances.com\\\/es\\\/\",\"name\":\"Payet Vacances\",\"description\":\"Venda i lloguer de cases i apartaments a l&#039;Estartit i la Costa Brava\",\"publisher\":{\"@id\":\"https:\\\/\\\/payetvacances.com\\\/es\\\/#organization\"},\"potentialAction\":[{\"@type\":\"SearchAction\",\"target\":{\"@type\":\"EntryPoint\",\"urlTemplate\":\"https:\\\/\\\/payetvacances.com\\\/es\\\/?s={search_term_string}\"},\"query-input\":{\"@type\":\"PropertyValueSpecification\",\"valueRequired\":true,\"valueName\":\"search_term_string\"}}],\"inLanguage\":\"es\"},{\"@type\":\"Organization\",\"@id\":\"https:\\\/\\\/payetvacances.com\\\/es\\\/#organization\",\"name\":\"Payet Vacances\",\"alternateName\":\"Finques Payet\",\"url\":\"https:\\\/\\\/payetvacances.com\\\/es\\\/\",\"logo\":{\"@type\":\"ImageObject\",\"inLanguage\":\"es\",\"@id\":\"https:\\\/\\\/payetvacances.com\\\/es\\\/#\\\/schema\\\/logo\\\/image\\\/\",\"url\":\"https:\\\/\\\/payetvacances.com\\\/wp-content\\\/uploads\\\/2021\\\/04\\\/logo-vacances.svg\",\"contentUrl\":\"https:\\\/\\\/payetvacances.com\\\/wp-content\\\/uploads\\\/2021\\\/04\\\/logo-vacances.svg\",\"width\":\"1024\",\"height\":\"1024\",\"caption\":\"Payet Vacances\"},\"image\":{\"@id\":\"https:\\\/\\\/payetvacances.com\\\/es\\\/#\\\/schema\\\/logo\\\/image\\\/\"}}]}<\/script>\n<!-- \/ Yoast SEO plugin. -->","yoast_head_json":{"title":"Alquiler de apartamentos en Estartit - Vacaciones en Estartit","description":"Alquilamos apartamentos en Estartit y en la Costa Brava. Disfruta de unas vacaciones en un apartamento con vistas a la playa junto la fam\u00edlia \u00f3 amigos.","robots":{"index":"index","follow":"follow","max-snippet":"max-snippet:-1","max-image-preview":"max-image-preview:large","max-video-preview":"max-video-preview:-1"},"canonical":"https:\/\/payetvacances.com\/es\/alquiler-turistico\/","og_locale":"es_ES","og_type":"article","og_title":"Alquiler de apartamentos en Estartit - Vacaciones en Estartit","og_description":"Alquilamos apartamentos en Estartit y en la Costa Brava. Disfruta de unas vacaciones en un apartamento con vistas a la playa junto la fam\u00edlia \u00f3 amigos.","og_url":"https:\/\/payetvacances.com\/es\/alquiler-turistico\/","og_site_name":"Payet Vacances","article_modified_time":"2026-02-05T15:35:57+00:00","og_image":[{"width":500,"height":320,"url":"https:\/\/payetvacances.com\/wp-content\/uploads\/2022\/08\/icona.png","type":"image\/png"}],"twitter_card":"summary_large_image","twitter_misc":{"Tiempo de lectura":"14 minutos"},"schema":{"@context":"https:\/\/schema.org","@graph":[{"@type":"WebPage","@id":"https:\/\/payetvacances.com\/es\/alquiler-turistico\/","url":"https:\/\/payetvacances.com\/es\/alquiler-turistico\/","name":"Alquiler de apartamentos en Estartit - Vacaciones en Estartit","isPartOf":{"@id":"https:\/\/payetvacances.com\/es\/#website"},"primaryImageOfPage":{"@id":"https:\/\/payetvacances.com\/es\/alquiler-turistico\/#primaryimage"},"image":{"@id":"https:\/\/payetvacances.com\/es\/alquiler-turistico\/#primaryimage"},"thumbnailUrl":"https:\/\/payetvacances.com\/wp-content\/uploads\/2022\/08\/icona.png","datePublished":"2023-11-27T17:30:48+00:00","dateModified":"2026-02-05T15:35:57+00:00","description":"Alquilamos apartamentos en Estartit y en la Costa Brava. Disfruta de unas vacaciones en un apartamento con vistas a la playa junto la fam\u00edlia \u00f3 amigos.","breadcrumb":{"@id":"https:\/\/payetvacances.com\/es\/alquiler-turistico\/#breadcrumb"},"inLanguage":"es","potentialAction":[{"@type":"ReadAction","target":["https:\/\/payetvacances.com\/es\/alquiler-turistico\/"]}]},{"@type":"ImageObject","inLanguage":"es","@id":"https:\/\/payetvacances.com\/es\/alquiler-turistico\/#primaryimage","url":"https:\/\/payetvacances.com\/wp-content\/uploads\/2022\/08\/icona.png","contentUrl":"https:\/\/payetvacances.com\/wp-content\/uploads\/2022\/08\/icona.png"},{"@type":"BreadcrumbList","@id":"https:\/\/payetvacances.com\/es\/alquiler-turistico\/#breadcrumb","itemListElement":[{"@type":"ListItem","position":1,"name":"Inici","item":"https:\/\/payetvacances.com\/es\/"},{"@type":"ListItem","position":2,"name":"ALQUILER TUR\u00cdSTICO"}]},{"@type":"WebSite","@id":"https:\/\/payetvacances.com\/es\/#website","url":"https:\/\/payetvacances.com\/es\/","name":"Payet Vacances","description":"Venda i lloguer de cases i apartaments a l&#039;Estartit i la Costa Brava","publisher":{"@id":"https:\/\/payetvacances.com\/es\/#organization"},"potentialAction":[{"@type":"SearchAction","target":{"@type":"EntryPoint","urlTemplate":"https:\/\/payetvacances.com\/es\/?s={search_term_string}"},"query-input":{"@type":"PropertyValueSpecification","valueRequired":true,"valueName":"search_term_string"}}],"inLanguage":"es"},{"@type":"Organization","@id":"https:\/\/payetvacances.com\/es\/#organization","name":"Payet Vacances","alternateName":"Finques Payet","url":"https:\/\/payetvacances.com\/es\/","logo":{"@type":"ImageObject","inLanguage":"es","@id":"https:\/\/payetvacances.com\/es\/#\/schema\/logo\/image\/","url":"https:\/\/payetvacances.com\/wp-content\/uploads\/2021\/04\/logo-vacances.svg","contentUrl":"https:\/\/payetvacances.com\/wp-content\/uploads\/2021\/04\/logo-vacances.svg","width":"1024","height":"1024","caption":"Payet Vacances"},"image":{"@id":"https:\/\/payetvacances.com\/es\/#\/schema\/logo\/image\/"}}]}},"_links":{"self":[{"href":"https:\/\/payetvacances.com\/es\/wp-json\/wp\/v2\/pages\/4749","targetHints":{"allow":["GET"]}}],"collection":[{"href":"https:\/\/payetvacances.com\/es\/wp-json\/wp\/v2\/pages"}],"about":[{"href":"https:\/\/payetvacances.com\/es\/wp-json\/wp\/v2\/types\/page"}],"author":[{"embeddable":true,"href":"https:\/\/payetvacances.com\/es\/wp-json\/wp\/v2\/users\/1"}],"replies":[{"embeddable":true,"href":"https:\/\/payetvacances.com\/es\/wp-json\/wp\/v2\/comments?post=4749"}],"version-history":[{"count":17,"href":"https:\/\/payetvacances.com\/es\/wp-json\/wp\/v2\/pages\/4749\/revisions"}],"predecessor-version":[{"id":8387,"href":"https:\/\/payetvacances.com\/es\/wp-json\/wp\/v2\/pages\/4749\/revisions\/8387"}],"wp:attachment":[{"href":"https:\/\/payetvacances.com\/es\/wp-json\/wp\/v2\/media?parent=4749"}],"curies":[{"name":"wp","href":"https:\/\/api.w.org\/{rel}","templated":true}]}}